{"id":215,"date":"2020-11-17T17:39:32","date_gmt":"2020-11-17T17:39:32","guid":{"rendered":"http:\/\/webredox.net\/demo\/wp\/umaya\/?page_id=215"},"modified":"2022-01-31T17:36:38","modified_gmt":"2022-01-31T17:36:38","slug":"noticias","status":"publish","type":"page","link":"https:\/\/eventline.pt\/en\/noticias\/","title":{"rendered":"News"},"content":{"rendered":"<section   class=\"pos-rel   section-bg-dark-2 text-color-white padding-top-120 padding-bottom-120\"  ><div class=\"container flex-container\"><div class=\"wpb_column vc_column_container vc_col-sm-12\"><div class=\"vc_column-inner\"><div class=\"wpb_wrapper\"><div class=\"vc_row wpb_row vc_inner vc_row-fluid\"><div class=\"wpb_column vc_column_container vc_col-sm-12\"><div class=\"vc_column-inner\"><div class=\"wpb_wrapper\"><h2 class=\"js-scrollanim headline-xxl padding-bottom-20 no-top-padding text-left\"><span class=\"anim-text-fill text-color-white tr-delay-00\" data-text=\"News\">News <\/span> <span class=\"anim-text-fill text-color-red tr-delay-04\" data-text=\"Eventline\">Eventline <\/span> <\/h2><\/div><\/div><\/div><\/div><div class=\"vc_row wpb_row vc_inner vc_row-fluid\"><div class=\"wpb_column vc_column_container vc_col-sm-12\"><div class=\"vc_column-inner\"><div class=\"wpb_wrapper\"><\/div><\/div><\/div><\/div><article class=\"flex-container flex-align-center padding-top-60\"><div class=\"six-columns padding-top-30\"><a href=\"https:\/\/eventline.pt\/en\/2022\/11\/24\/passagers-2\/\" class=\"d-block hover-box anim-img-reveal js-scrollanim js-pointer-large js-animsition-link\"><div class=\"anim-img-reveal__hidden\"><div class=\"anim-img-reveal__scale\">\n\t\t\t\t\t\t<img class=\"img-hover-scale\" src=\"https:\/\/eventline.pt\/wp-content\/uploads\/2022\/11\/a4292686818_65.jpg\" alt=\"Passagers -7 Doigts de La Main\">\n\t\t\t\t\t  <\/div><\/div><\/a><\/div><div class=\"six-columns padding-top-30\"><div class=\"column-l-margin-40 anim-fade js-scrollanim\"><ul class=\"list list_row list_margin-30px\"><li class=\"list__item\"><a href=\"https:\/\/eventline.pt\/en\/2022\/11\/24\/passagers-2\/\" class=\"subhead-xxs text-color-888888 text-hover-to-red js-pointer-small\">By: Eventline<\/a><\/li><li class=\"list__item\"><a href=\"#0\" class=\"subhead-xxs text-color-888888 text-hover-to-red js-pointer-small\">In: <\/a><a class=\"subhead-xxs text-color-888888 text-hover-to-red js-pointer-small\" href=\"https:\/\/eventline.pt\/en\/category\/noticias\/\">News  <\/a><\/li><li class=\"list__item\"><a href=\"https:\/\/eventline.pt\/en\/2022\/11\/24\/passagers-2\/\" class=\"subhead-xxs text-color-888888 text-hover-to-red js-pointer-small\">November 24, 2022<\/a><\/li><\/ul><a href=\"https:\/\/eventline.pt\/en\/2022\/11\/24\/passagers-2\/\" class=\"margin-top-bottom-30 d-block js-pointer-large js-animsition-link\"><h3 class=\"headline-xxxs text-color-black\">Passagers -7 Doigts de La Main<\/h3><p class=\"body-text-xs margin-top-20 text-color-black\" data-animation=\"fade-anim\"><\/p><\/a><a href=\"https:\/\/eventline.pt\/en\/2022\/11\/24\/passagers-2\/\" class=\"skew-btn js-pointer-large js-animsition-link\">\n\t\t\t\t\t\t\t\t\t\t<span class=\"skew-btn__box\">\n\t\t\t\t\t\t\t\t\t\t\t<span class=\"skew-btn__content text-color-black\">See More<\/span>\n\t\t\t\t\t\t\t\t\t\t\t<span class=\"skew-btn__arrow black\"><\/span>\n\t\t\t\t\t\t\t\t\t\t<\/span>\n\t\t\t\t\t\t<\/a><\/div><\/div><\/article><article class=\"flex-container flex-align-center padding-top-60\"><div class=\"six-columns padding-top-30\"><a href=\"https:\/\/eventline.pt\/en\/2022\/11\/24\/passagers\/\" class=\"d-block hover-box anim-img-reveal js-scrollanim js-pointer-large js-animsition-link\"><div class=\"anim-img-reveal__hidden\"><div class=\"anim-img-reveal__scale\">\n\t\t\t\t\t\t<img class=\"img-hover-scale\" src=\"https:\/\/eventline.pt\/wp-content\/uploads\/2022\/11\/PORTO700.png\" alt=\"Porto em Miniatura\">\n\t\t\t\t\t  <\/div><\/div><\/a><\/div><div class=\"six-columns padding-top-30\"><div class=\"column-l-margin-40 anim-fade js-scrollanim\"><ul class=\"list list_row list_margin-30px\"><li class=\"list__item\"><a href=\"https:\/\/eventline.pt\/en\/2022\/11\/24\/passagers\/\" class=\"subhead-xxs text-color-888888 text-hover-to-red js-pointer-small\">By: Eventline<\/a><\/li><li class=\"list__item\"><a href=\"#0\" class=\"subhead-xxs text-color-888888 text-hover-to-red js-pointer-small\">In: <\/a><a class=\"subhead-xxs text-color-888888 text-hover-to-red js-pointer-small\" href=\"https:\/\/eventline.pt\/en\/category\/noticias\/\">News  <\/a><\/li><li class=\"list__item\"><a href=\"https:\/\/eventline.pt\/en\/2022\/11\/24\/passagers\/\" class=\"subhead-xxs text-color-888888 text-hover-to-red js-pointer-small\">November 24, 2022<\/a><\/li><\/ul><a href=\"https:\/\/eventline.pt\/en\/2022\/11\/24\/passagers\/\" class=\"margin-top-bottom-30 d-block js-pointer-large js-animsition-link\"><h3 class=\"headline-xxxs text-color-black\">Porto in Miniature<\/h3><p class=\"body-text-xs margin-top-20 text-color-black\" data-animation=\"fade-anim\"><\/p><\/a><a href=\"https:\/\/eventline.pt\/en\/2022\/11\/24\/passagers\/\" class=\"skew-btn js-pointer-large js-animsition-link\">\n\t\t\t\t\t\t\t\t\t\t<span class=\"skew-btn__box\">\n\t\t\t\t\t\t\t\t\t\t\t<span class=\"skew-btn__content text-color-black\">See More<\/span>\n\t\t\t\t\t\t\t\t\t\t\t<span class=\"skew-btn__arrow black\"><\/span>\n\t\t\t\t\t\t\t\t\t\t<\/span>\n\t\t\t\t\t\t<\/a><\/div><\/div><\/article><article class=\"flex-container flex-align-center padding-top-60\"><div class=\"six-columns padding-top-30\"><a href=\"https:\/\/eventline.pt\/en\/2022\/11\/23\/concertonatal-2\/\" class=\"d-block hover-box anim-img-reveal js-scrollanim js-pointer-large js-animsition-link\"><div class=\"anim-img-reveal__hidden\"><div class=\"anim-img-reveal__scale\">\n\t\t\t\t\t\t<img class=\"img-hover-scale\" src=\"https:\/\/eventline.pt\/wp-content\/uploads\/2022\/03\/Espetaculo-1080x1080_NOVO.png\" alt=\"Concerto de Natal \u2013 Coro G\u00e9nesis XMAS no Ateneu\">\n\t\t\t\t\t  <\/div><\/div><\/a><\/div><div class=\"six-columns padding-top-30\"><div class=\"column-l-margin-40 anim-fade js-scrollanim\"><ul class=\"list list_row list_margin-30px\"><li class=\"list__item\"><a href=\"https:\/\/eventline.pt\/en\/2022\/11\/23\/concertonatal-2\/\" class=\"subhead-xxs text-color-888888 text-hover-to-red js-pointer-small\">By: Eventline<\/a><\/li><li class=\"list__item\"><a href=\"#0\" class=\"subhead-xxs text-color-888888 text-hover-to-red js-pointer-small\">In: <\/a><a class=\"subhead-xxs text-color-888888 text-hover-to-red js-pointer-small\" href=\"https:\/\/eventline.pt\/en\/category\/noticias\/\">News  <\/a><\/li><li class=\"list__item\"><a href=\"https:\/\/eventline.pt\/en\/2022\/11\/23\/concertonatal-2\/\" class=\"subhead-xxs text-color-888888 text-hover-to-red js-pointer-small\">November 23, 2022<\/a><\/li><\/ul><a href=\"https:\/\/eventline.pt\/en\/2022\/11\/23\/concertonatal-2\/\" class=\"margin-top-bottom-30 d-block js-pointer-large js-animsition-link\"><h3 class=\"headline-xxxs text-color-black\">Christmas Concert -  Coro G\u00e9nesis XMAS at Ateneu<\/h3><p class=\"body-text-xs margin-top-20 text-color-black\" data-animation=\"fade-anim\"><\/p><\/a><a href=\"https:\/\/eventline.pt\/en\/2022\/11\/23\/concertonatal-2\/\" class=\"skew-btn js-pointer-large js-animsition-link\">\n\t\t\t\t\t\t\t\t\t\t<span class=\"skew-btn__box\">\n\t\t\t\t\t\t\t\t\t\t\t<span class=\"skew-btn__content text-color-black\">See More<\/span>\n\t\t\t\t\t\t\t\t\t\t\t<span class=\"skew-btn__arrow black\"><\/span>\n\t\t\t\t\t\t\t\t\t\t<\/span>\n\t\t\t\t\t\t<\/a><\/div><\/div><\/article><article class=\"flex-container flex-align-center padding-top-60\"><div class=\"six-columns padding-top-30\"><a href=\"https:\/\/eventline.pt\/en\/2022\/03\/12\/cafe-concerto-2\/\" class=\"d-block hover-box anim-img-reveal js-scrollanim js-pointer-large js-animsition-link\"><div class=\"anim-img-reveal__hidden\"><div class=\"anim-img-reveal__scale\">\n\t\t\t\t\t\t<img class=\"img-hover-scale\" src=\"https:\/\/eventline.pt\/wp-content\/uploads\/2022\/08\/Banner_Cafe-Concerto.png\" alt=\"Caf\u00e9 Concerto no Ateneu\">\n\t\t\t\t\t  <\/div><\/div><\/a><\/div><div class=\"six-columns padding-top-30\"><div class=\"column-l-margin-40 anim-fade js-scrollanim\"><ul class=\"list list_row list_margin-30px\"><li class=\"list__item\"><a href=\"https:\/\/eventline.pt\/en\/2022\/03\/12\/cafe-concerto-2\/\" class=\"subhead-xxs text-color-888888 text-hover-to-red js-pointer-small\">By: Eventline<\/a><\/li><li class=\"list__item\"><a href=\"#0\" class=\"subhead-xxs text-color-888888 text-hover-to-red js-pointer-small\">In: <\/a><a class=\"subhead-xxs text-color-888888 text-hover-to-red js-pointer-small\" href=\"https:\/\/eventline.pt\/en\/category\/noticias\/\">News  <\/a><\/li><li class=\"list__item\"><a href=\"https:\/\/eventline.pt\/en\/2022\/03\/12\/cafe-concerto-2\/\" class=\"subhead-xxs text-color-888888 text-hover-to-red js-pointer-small\">March 12, 2022<\/a><\/li><\/ul><a href=\"https:\/\/eventline.pt\/en\/2022\/03\/12\/cafe-concerto-2\/\" class=\"margin-top-bottom-30 d-block js-pointer-large js-animsition-link\"><h3 class=\"headline-xxxs text-color-black\">Caf\u00e9 Concerto at the Ateneu<\/h3><p class=\"body-text-xs margin-top-20 text-color-black\" data-animation=\"fade-anim\"><\/p><\/a><a href=\"https:\/\/eventline.pt\/en\/2022\/03\/12\/cafe-concerto-2\/\" class=\"skew-btn js-pointer-large js-animsition-link\">\n\t\t\t\t\t\t\t\t\t\t<span class=\"skew-btn__box\">\n\t\t\t\t\t\t\t\t\t\t\t<span class=\"skew-btn__content text-color-black\">See More<\/span>\n\t\t\t\t\t\t\t\t\t\t\t<span class=\"skew-btn__arrow black\"><\/span>\n\t\t\t\t\t\t\t\t\t\t<\/span>\n\t\t\t\t\t\t<\/a><\/div><\/div><\/article><article class=\"flex-container flex-align-center padding-top-60\"><div class=\"six-columns padding-top-30\"><a href=\"https:\/\/eventline.pt\/en\/2022\/03\/12\/visitas-guiadas-ateneu-2\/\" class=\"d-block hover-box anim-img-reveal js-scrollanim js-pointer-large js-animsition-link\"><div class=\"anim-img-reveal__hidden\"><div class=\"anim-img-reveal__scale\">\n\t\t\t\t\t\t<img class=\"img-hover-scale\" src=\"https:\/\/eventline.pt\/wp-content\/uploads\/2021\/11\/lusiadas3.png\" alt=\"Visitas Guiadas ao Ateneu Comercial do Porto\">\n\t\t\t\t\t  <\/div><\/div><\/a><\/div><div class=\"six-columns padding-top-30\"><div class=\"column-l-margin-40 anim-fade js-scrollanim\"><ul class=\"list list_row list_margin-30px\"><li class=\"list__item\"><a href=\"https:\/\/eventline.pt\/en\/2022\/03\/12\/visitas-guiadas-ateneu-2\/\" class=\"subhead-xxs text-color-888888 text-hover-to-red js-pointer-small\">By: Eventline<\/a><\/li><li class=\"list__item\"><a href=\"#0\" class=\"subhead-xxs text-color-888888 text-hover-to-red js-pointer-small\">In: <\/a><a class=\"subhead-xxs text-color-888888 text-hover-to-red js-pointer-small\" href=\"https:\/\/eventline.pt\/en\/category\/noticias\/\">News  <\/a><\/li><li class=\"list__item\"><a href=\"https:\/\/eventline.pt\/en\/2022\/03\/12\/visitas-guiadas-ateneu-2\/\" class=\"subhead-xxs text-color-888888 text-hover-to-red js-pointer-small\">March 12, 2022<\/a><\/li><\/ul><a href=\"https:\/\/eventline.pt\/en\/2022\/03\/12\/visitas-guiadas-ateneu-2\/\" class=\"margin-top-bottom-30 d-block js-pointer-large js-animsition-link\"><h3 class=\"headline-xxxs text-color-black\">Ateneu Comercial do Porto Guided Tour<\/h3><p class=\"body-text-xs margin-top-20 text-color-black\" data-animation=\"fade-anim\"><\/p><\/a><a href=\"https:\/\/eventline.pt\/en\/2022\/03\/12\/visitas-guiadas-ateneu-2\/\" class=\"skew-btn js-pointer-large js-animsition-link\">\n\t\t\t\t\t\t\t\t\t\t<span class=\"skew-btn__box\">\n\t\t\t\t\t\t\t\t\t\t\t<span class=\"skew-btn__content text-color-black\">See More<\/span>\n\t\t\t\t\t\t\t\t\t\t\t<span class=\"skew-btn__arrow black\"><\/span>\n\t\t\t\t\t\t\t\t\t\t<\/span>\n\t\t\t\t\t\t<\/a><\/div><\/div><\/article><article class=\"flex-container flex-align-center padding-top-60\"><div class=\"six-columns padding-top-30\"><a href=\"https:\/\/eventline.pt\/en\/2022\/01\/29\/ruralidades-porto-jorge-bacelar-2\/\" class=\"d-block hover-box anim-img-reveal js-scrollanim js-pointer-large js-animsition-link\"><div class=\"anim-img-reveal__hidden\"><div class=\"anim-img-reveal__scale\">\n\t\t\t\t\t\t<img class=\"img-hover-scale\" src=\"https:\/\/eventline.pt\/wp-content\/uploads\/2022\/01\/ruralidades.jpeg\" alt=\"\u201cRuralidades\u201d no Porto por Jorge Bacelar\">\n\t\t\t\t\t  <\/div><\/div><\/a><\/div><div class=\"six-columns padding-top-30\"><div class=\"column-l-margin-40 anim-fade js-scrollanim\"><ul class=\"list list_row list_margin-30px\"><li class=\"list__item\"><a href=\"https:\/\/eventline.pt\/en\/2022\/01\/29\/ruralidades-porto-jorge-bacelar-2\/\" class=\"subhead-xxs text-color-888888 text-hover-to-red js-pointer-small\">By: Eventline<\/a><\/li><li class=\"list__item\"><a href=\"#0\" class=\"subhead-xxs text-color-888888 text-hover-to-red js-pointer-small\">In: <\/a><a class=\"subhead-xxs text-color-888888 text-hover-to-red js-pointer-small\" href=\"https:\/\/eventline.pt\/en\/category\/noticias\/\">News  <\/a><\/li><li class=\"list__item\"><a href=\"https:\/\/eventline.pt\/en\/2022\/01\/29\/ruralidades-porto-jorge-bacelar-2\/\" class=\"subhead-xxs text-color-888888 text-hover-to-red js-pointer-small\">January 29, 2022<\/a><\/li><\/ul><a href=\"https:\/\/eventline.pt\/en\/2022\/01\/29\/ruralidades-porto-jorge-bacelar-2\/\" class=\"margin-top-bottom-30 d-block js-pointer-large js-animsition-link\"><h3 class=\"headline-xxxs text-color-black\">\u201cRuralidades\u201d in Porto by Jorge Bacelar<\/h3><p class=\"body-text-xs margin-top-20 text-color-black\" data-animation=\"fade-anim\"><\/p><\/a><a href=\"https:\/\/eventline.pt\/en\/2022\/01\/29\/ruralidades-porto-jorge-bacelar-2\/\" class=\"skew-btn js-pointer-large js-animsition-link\">\n\t\t\t\t\t\t\t\t\t\t<span class=\"skew-btn__box\">\n\t\t\t\t\t\t\t\t\t\t\t<span class=\"skew-btn__content text-color-black\">See More<\/span>\n\t\t\t\t\t\t\t\t\t\t\t<span class=\"skew-btn__arrow black\"><\/span>\n\t\t\t\t\t\t\t\t\t\t<\/span>\n\t\t\t\t\t\t<\/a><\/div><\/div><\/article><article class=\"flex-container flex-align-center padding-top-60\"><div class=\"six-columns padding-top-30\"><a href=\"https:\/\/eventline.pt\/en\/2022\/01\/18\/lunatic-antonio-mao-de-ferro\/\" class=\"d-block hover-box anim-img-reveal js-scrollanim js-pointer-large js-animsition-link\"><div class=\"anim-img-reveal__hidden\"><div class=\"anim-img-reveal__scale\">\n\t\t\t\t\t\t<img class=\"img-hover-scale\" src=\"https:\/\/eventline.pt\/wp-content\/uploads\/2021\/11\/maodeferro.png\" alt=\"&#8220;Lunatic&#8221; de Ant\u00f3nio M\u00e3o de Ferro na Casa da M\u00fasica\">\n\t\t\t\t\t  <\/div><\/div><\/a><\/div><div class=\"six-columns padding-top-30\"><div class=\"column-l-margin-40 anim-fade js-scrollanim\"><ul class=\"list list_row list_margin-30px\"><li class=\"list__item\"><a href=\"https:\/\/eventline.pt\/en\/2022\/01\/18\/lunatic-antonio-mao-de-ferro\/\" class=\"subhead-xxs text-color-888888 text-hover-to-red js-pointer-small\">By: Eventline<\/a><\/li><li class=\"list__item\"><a href=\"#0\" class=\"subhead-xxs text-color-888888 text-hover-to-red js-pointer-small\">In: <\/a><a class=\"subhead-xxs text-color-888888 text-hover-to-red js-pointer-small\" href=\"https:\/\/eventline.pt\/en\/category\/noticias\/\">News  <\/a><\/li><li class=\"list__item\"><a href=\"https:\/\/eventline.pt\/en\/2022\/01\/18\/lunatic-antonio-mao-de-ferro\/\" class=\"subhead-xxs text-color-888888 text-hover-to-red js-pointer-small\">January 18, 2022<\/a><\/li><\/ul><a href=\"https:\/\/eventline.pt\/en\/2022\/01\/18\/lunatic-antonio-mao-de-ferro\/\" class=\"margin-top-bottom-30 d-block js-pointer-large js-animsition-link\"><h3 class=\"headline-xxxs text-color-black\">\"Lunatic\" at Casa da M\u00fasica by Ant\u00f3nio M\u00e3o de Ferro<\/h3><p class=\"body-text-xs margin-top-20 text-color-black\" data-animation=\"fade-anim\"><\/p><\/a><a href=\"https:\/\/eventline.pt\/en\/2022\/01\/18\/lunatic-antonio-mao-de-ferro\/\" class=\"skew-btn js-pointer-large js-animsition-link\">\n\t\t\t\t\t\t\t\t\t\t<span class=\"skew-btn__box\">\n\t\t\t\t\t\t\t\t\t\t\t<span class=\"skew-btn__content text-color-black\">See More<\/span>\n\t\t\t\t\t\t\t\t\t\t\t<span class=\"skew-btn__arrow black\"><\/span>\n\t\t\t\t\t\t\t\t\t\t<\/span>\n\t\t\t\t\t\t<\/a><\/div><\/div><\/article><\/div><\/div><\/div><\/div><\/section><div class=\"clear\"><\/div>","protected":false},"excerpt":{"rendered":"\"Lunatic\" na Casa da M\u00fasicaAnt\u00f3nio M\u00e3o de Ferro apresenta na Casa da M\u00fasica do Porto o \u00e1lbum a solo \"Lunatic\". Ant\u00f3nio M\u00e3o...","protected":false},"author":1,"featured_media":0,"parent":0,"menu_order":0,"comment_status":"closed","ping_status":"closed","template":"","meta":[],"_links":{"self":[{"href":"https:\/\/eventline.pt\/en\/wp-json\/wp\/v2\/pages\/215"}],"collection":[{"href":"https:\/\/eventline.pt\/en\/wp-json\/wp\/v2\/pages"}],"about":[{"href":"https:\/\/eventline.pt\/en\/wp-json\/wp\/v2\/types\/page"}],"author":[{"embeddable":true,"href":"https:\/\/eventline.pt\/en\/wp-json\/wp\/v2\/users\/1"}],"replies":[{"embeddable":true,"href":"https:\/\/eventline.pt\/en\/wp-json\/wp\/v2\/comments?post=215"}],"version-history":[{"count":0,"href":"https:\/\/eventline.pt\/en\/wp-json\/wp\/v2\/pages\/215\/revisions"}],"wp:attachment":[{"href":"https:\/\/eventline.pt\/en\/wp-json\/wp\/v2\/media?parent=215"}],"curies":[{"name":"wp","href":"https:\/\/api.w.org\/{rel}","templated":true}]}}